{"id":8842,"date":"2026-04-25T13:06:00","date_gmt":"2026-04-25T13:06:00","guid":{"rendered":"https:\/\/anopri.com\/?post_type=product&#038;p=8842"},"modified":"2026-04-25T13:06:04","modified_gmt":"2026-04-25T13:06:04","slug":"refrigerateur-roch-204-litres-rfr-260dt","status":"publish","type":"product","link":"https:\/\/anopri.com\/?product=refrigerateur-roch-204-litres-rfr-260dt","title":{"rendered":"R\u00e9frigerateur &#8211; ROCH &#8211; 204 Litres &#8211; RFR-260DT"},"content":{"rendered":"<ul>\n<li><span data-sheets-value=\"{&quot;1&quot;:2,&quot;2&quot;:&quot;R\u00e9frigerateur ROCH - 204 Litres - RFR-260 \\n&quot;}\" data-sheets-userformat=\"{&quot;2&quot;:4226,&quot;4&quot;:[null,2,16777215],&quot;10&quot;:2,&quot;15&quot;:&quot;Arial&quot;}\"><strong>Type de produit:<\/strong>\u00a0R\u00e9frig\u00e9rateur<br \/>\n<\/span><\/li>\n<li><span data-sheets-value=\"{&quot;1&quot;:2,&quot;2&quot;:&quot;R\u00e9frigerateur ROCH - 204 Litres - RFR-260 \\n&quot;}\" data-sheets-userformat=\"{&quot;2&quot;:4226,&quot;4&quot;:[null,2,16777215],&quot;10&quot;:2,&quot;15&quot;:&quot;Arial&quot;}\"><strong>Marque:<\/strong>\u00a0ROCH<br \/>\n<\/span><\/li>\n<li><span data-sheets-value=\"{&quot;1&quot;:2,&quot;2&quot;:&quot;R\u00e9frigerateur ROCH - 204 Litres - RFR-260 \\n&quot;}\" data-sheets-userformat=\"{&quot;2&quot;:4226,&quot;4&quot;:[null,2,16777215],&quot;10&quot;:2,&quot;15&quot;:&quot;Arial&quot;}\"><strong>Model\u00e9:<\/strong>\u00a0RFR-260DT-A<br \/>\n<\/span><\/li>\n<li><span data-sheets-value=\"{&quot;1&quot;:2,&quot;2&quot;:&quot;R\u00e9frigerateur ROCH - 204 Litres - RFR-260 \\n&quot;}\" data-sheets-userformat=\"{&quot;2&quot;:4226,&quot;4&quot;:[null,2,16777215],&quot;10&quot;:2,&quot;15&quot;:&quot;Arial&quot;}\"><strong>Volume Total:<\/strong>\u00a0204 L<br \/>\n<\/span><\/li>\n<li><span data-sheets-value=\"{&quot;1&quot;:2,&quot;2&quot;:&quot;R\u00e9frigerateur ROCH - 204 Litres - RFR-260 \\n&quot;}\" data-sheets-userformat=\"{&quot;2&quot;:4226,&quot;4&quot;:[null,2,16777215],&quot;10&quot;:2,&quot;15&quot;:&quot;Arial&quot;}\"><strong>Volume Cong\u00e9lateur:<\/strong>\u00a070 L<br \/>\n<\/span><\/li>\n<li><span data-sheets-value=\"{&quot;1&quot;:2,&quot;2&quot;:&quot;R\u00e9frigerateur ROCH - 204 Litres - RFR-260 \\n&quot;}\" data-sheets-userformat=\"{&quot;2&quot;:4226,&quot;4&quot;:[null,2,16777215],&quot;10&quot;:2,&quot;15&quot;:&quot;Arial&quot;}\"><strong>Volume du r\u00e9frig\u00e9rateur:<\/strong>\u00a0134 L<br \/>\n<\/span><\/li>\n<li><span data-sheets-value=\"{&quot;1&quot;:2,&quot;2&quot;:&quot;R\u00e9frigerateur ROCH - 204 Litres - RFR-260 \\n&quot;}\" data-sheets-userformat=\"{&quot;2&quot;:4226,&quot;4&quot;:[null,2,16777215],&quot;10&quot;:2,&quot;15&quot;:&quot;Arial&quot;}\"><strong>Consommation d&#8217;\u00e9nergie:<\/strong>\u00a0321 KWh \/an<br \/>\n<\/span><\/li>\n<li><span data-sheets-value=\"{&quot;1&quot;:2,&quot;2&quot;:&quot;R\u00e9frigerateur ROCH - 204 Litres - RFR-260 \\n&quot;}\" data-sheets-userformat=\"{&quot;2&quot;:4226,&quot;4&quot;:[null,2,16777215],&quot;10&quot;:2,&quot;15&quot;:&quot;Arial&quot;}\"><strong>Niveau sonore:<\/strong>\u00a039 db(A)<br \/>\n<\/span><\/li>\n<li><span data-sheets-value=\"{&quot;1&quot;:2,&quot;2&quot;:&quot;R\u00e9frigerateur ROCH - 204 Litres - RFR-260 \\n&quot;}\" data-sheets-userformat=\"{&quot;2&quot;:4226,&quot;4&quot;:[null,2,16777215],&quot;10&quot;:2,&quot;15&quot;:&quot;Arial&quot;}\"><strong>Tension:<\/strong>\u00a0220-240 V<br \/>\n<\/span><\/li>\n<li><span data-sheets-value=\"{&quot;1&quot;:2,&quot;2&quot;:&quot;R\u00e9frigerateur ROCH - 204 Litres - RFR-260 \\n&quot;}\" data-sheets-userformat=\"{&quot;2&quot;:4226,&quot;4&quot;:[null,2,16777215],&quot;10&quot;:2,&quot;15&quot;:&quot;Arial&quot;}\"><strong>Fr\u00e9quence:<\/strong>\u00a060 Hz<br \/>\n<\/span><\/li>\n<li><span data-sheets-value=\"{&quot;1&quot;:2,&quot;2&quot;:&quot;R\u00e9frigerateur ROCH - 204 Litres - RFR-260 \\n&quot;}\" data-sheets-userformat=\"{&quot;2&quot;:4226,&quot;4&quot;:[null,2,16777215],&quot;10&quot;:2,&quot;15&quot;:&quot;Arial&quot;}\"><strong>Classe d&#8217;efficacit\u00e9 \u00e9nerg\u00e9tique:<\/strong>\u00a0 A+<br \/>\n<\/span><\/li>\n<li><span data-sheets-value=\"{&quot;1&quot;:2,&quot;2&quot;:&quot;R\u00e9frigerateur ROCH - 204 Litres - RFR-260 \\n&quot;}\" data-sheets-userformat=\"{&quot;2&quot;:4226,&quot;4&quot;:[null,2,16777215],&quot;10&quot;:2,&quot;15&quot;:&quot;Arial&quot;}\"><strong>Dimensions:<\/strong>\u00a073.0 x 66.5 x 198.8 cm<br \/>\n<\/span><\/li>\n<li><span data-sheets-value=\"{&quot;1&quot;:2,&quot;2&quot;:&quot;R\u00e9frigerateur ROCH - 204 Litres - RFR-260 \\n&quot;}\" data-sheets-userformat=\"{&quot;2&quot;:4226,&quot;4&quot;:[null,2,16777215],&quot;10&quot;:2,&quot;15&quot;:&quot;Arial&quot;}\"><strong>Poids:<\/strong>\u00a053 Kg<\/span><\/li>\n<li><span data-sheets-value=\"{&quot;1&quot;:2,&quot;2&quot;:&quot;R\u00e9frigerateur ROCH - 204 Litres - RFR-260 \\n&quot;}\" data-sheets-userformat=\"{&quot;2&quot;:4226,&quot;4&quot;:[null,2,16777215],&quot;10&quot;:2,&quot;15&quot;:&quot;Arial&quot;}\"><strong>Garantie :<\/strong>\u00a06 mois<\/span><\/li>\n<\/ul>\n","protected":false},"excerpt":{"rendered":"<p>Contrairement aux compresseurs conventionnels ce r\u00e9frig\u00e9rateur combin\u00e9 affiche une petite touche innovante qui permet au compresseur d\u2019adapter son fonctionnement suivant le niveau d\u2019humidit\u00e9 et l\u2019utilisation du r\u00e9frig\u00e9rateur (ouverture de la porte, temp\u00e9rature ext\u00e9rieure\u2026). Cela permet de maintenir une temp\u00e9rature plus stable et r\u00e9duire la consommation du compresseur pour rallonger sa dur\u00e9e de vie et r\u00e9duire le bruit.<\/p>\n","protected":false},"featured_media":7434,"comment_status":"closed","ping_status":"closed","template":"","meta":{"_bst_post_transparent":"","_bst_post_title":"","_bst_post_layout":"","_bst_post_sidebar_id":"","_bst_post_content_style":"","_bst_post_vertical_padding":"","_bst_post_feature":"","_bst_post_feature_position":"","_bst_post_header":false,"_bst_post_footer":false},"product_brand":[],"product_cat":[145,157],"product_tag":[],"product_brands":[],"class_list":{"0":"post-8842","1":"product","2":"type-product","3":"status-publish","4":"has-post-thumbnail","6":"product_cat-electromenager","7":"product_cat-refrigerateur","9":"first","10":"instock","11":"purchasable","12":"product-type-simple","13":"entry","14":"content-bg","15":"loop-entry"},"_links":{"self":[{"href":"https:\/\/anopri.com\/index.php?rest_route=\/wp\/v2\/product\/8842","targetHints":{"allow":["GET"]}}],"collection":[{"href":"https:\/\/anopri.com\/index.php?rest_route=\/wp\/v2\/product"}],"about":[{"href":"https:\/\/anopri.com\/index.php?rest_route=\/wp\/v2\/types\/product"}],"replies":[{"embeddable":true,"href":"https:\/\/anopri.com\/index.php?rest_route=%2Fwp%2Fv2%2Fcomments&post=8842"}],"wp:featuredmedia":[{"embeddable":true,"href":"https:\/\/anopri.com\/index.php?rest_route=\/wp\/v2\/media\/7434"}],"wp:attachment":[{"href":"https:\/\/anopri.com\/index.php?rest_route=%2Fwp%2Fv2%2Fmedia&parent=8842"}],"wp:term":[{"taxonomy":"product_brand","embeddable":true,"href":"https:\/\/anopri.com\/index.php?rest_route=%2Fwp%2Fv2%2Fproduct_brand&post=8842"},{"taxonomy":"product_cat","embeddable":true,"href":"https:\/\/anopri.com\/index.php?rest_route=%2Fwp%2Fv2%2Fproduct_cat&post=8842"},{"taxonomy":"product_tag","embeddable":true,"href":"https:\/\/anopri.com\/index.php?rest_route=%2Fwp%2Fv2%2Fproduct_tag&post=8842"},{"taxonomy":"product_brands","embeddable":true,"href":"https:\/\/anopri.com\/index.php?rest_route=%2Fwp%2Fv2%2Fproduct_brands&post=8842"}],"curies":[{"name":"wp","href":"https:\/\/api.w.org\/{rel}","templated":true}]}}