{"id":8838,"date":"2026-04-25T13:06:00","date_gmt":"2026-04-25T13:06:00","guid":{"rendered":"https:\/\/anopri.com\/?post_type=product&#038;p=8838"},"modified":"2026-04-25T13:06:03","modified_gmt":"2026-04-25T13:06:03","slug":"refrigerateur-roch-porte-simple-rfr-120s-j","status":"publish","type":"product","link":"https:\/\/anopri.com\/?product=refrigerateur-roch-porte-simple-rfr-120s-j","title":{"rendered":"R\u00c9FRIG\u00c9RATEUR ROCH PORTE SIMPLE RFR-120S-J"},"content":{"rendered":"<p>Type de produit: R\u00e9frig\u00e9rateur<br \/>\n\u2022\u00a0\u00a0 \u00a0Marque:Roch<br \/>\n\u2022\u00a0\u00a0 \u00a0Mod\u00e8le:RFR-120S-J<br \/>\n\u2022\u00a0\u00a0 \u00a0Capacit\u00e9 : 120 L<br \/>\n\u2022\u00a0\u00a0 \u00a0Nombre De Portes :1Portes<br \/>\n\u2022\u00a0\u00a0 \u00a0Tension: 220V-240V<br \/>\n\u2022\u00a0\u00a0 \u00a0Garantie: 06Mois<\/p>\n","protected":false},"excerpt":{"rendered":"<p>Contrairement aux compresseurs conventionnels ce r\u00e9frig\u00e9rateur combin\u00e9 affiche une petite touche innovante qui permet au compresseur d\u2019adapter son fonctionnement suivant le niveau d\u2019humidit\u00e9 et l\u2019utilisation du r\u00e9frig\u00e9rateur (ouverture de la porte, temp\u00e9rature ext\u00e9rieure\u2026). Cela permet de maintenir une temp\u00e9rature plus stable et r\u00e9duire la consommation du compresseur pour rallonger sa dur\u00e9e de vie et r\u00e9duire le bruit.<br \/>\nL\u2019\u00e9clairage LED Nasco apporte une luminosit\u00e9 sans \u00e9gale dans votre quotidien.<\/p>\n","protected":false},"featured_media":6413,"comment_status":"closed","ping_status":"closed","template":"","meta":{"_bst_post_transparent":"","_bst_post_title":"","_bst_post_layout":"","_bst_post_sidebar_id":"","_bst_post_content_style":"","_bst_post_vertical_padding":"","_bst_post_feature":"","_bst_post_feature_position":"","_bst_post_header":false,"_bst_post_footer":false},"product_brand":[],"product_cat":[157],"product_tag":[],"product_brands":[],"class_list":{"0":"post-8838","1":"product","2":"type-product","3":"status-publish","4":"has-post-thumbnail","6":"product_cat-refrigerateur","8":"first","9":"instock","10":"purchasable","11":"product-type-simple","12":"entry","13":"content-bg","14":"loop-entry"},"_links":{"self":[{"href":"https:\/\/anopri.com\/index.php?rest_route=\/wp\/v2\/product\/8838","targetHints":{"allow":["GET"]}}],"collection":[{"href":"https:\/\/anopri.com\/index.php?rest_route=\/wp\/v2\/product"}],"about":[{"href":"https:\/\/anopri.com\/index.php?rest_route=\/wp\/v2\/types\/product"}],"replies":[{"embeddable":true,"href":"https:\/\/anopri.com\/index.php?rest_route=%2Fwp%2Fv2%2Fcomments&post=8838"}],"wp:featuredmedia":[{"embeddable":true,"href":"https:\/\/anopri.com\/index.php?rest_route=\/wp\/v2\/media\/6413"}],"wp:attachment":[{"href":"https:\/\/anopri.com\/index.php?rest_route=%2Fwp%2Fv2%2Fmedia&parent=8838"}],"wp:term":[{"taxonomy":"product_brand","embeddable":true,"href":"https:\/\/anopri.com\/index.php?rest_route=%2Fwp%2Fv2%2Fproduct_brand&post=8838"},{"taxonomy":"product_cat","embeddable":true,"href":"https:\/\/anopri.com\/index.php?rest_route=%2Fwp%2Fv2%2Fproduct_cat&post=8838"},{"taxonomy":"product_tag","embeddable":true,"href":"https:\/\/anopri.com\/index.php?rest_route=%2Fwp%2Fv2%2Fproduct_tag&post=8838"},{"taxonomy":"product_brands","embeddable":true,"href":"https:\/\/anopri.com\/index.php?rest_route=%2Fwp%2Fv2%2Fproduct_brands&post=8838"}],"curies":[{"name":"wp","href":"https:\/\/api.w.org\/{rel}","templated":true}]}}