{"id":8700,"date":"2026-04-25T13:05:16","date_gmt":"2026-04-25T13:05:16","guid":{"rendered":"https:\/\/anopri.com\/?post_type=product&#038;p=8700"},"modified":"2026-04-25T13:05:20","modified_gmt":"2026-04-25T13:05:20","slug":"refrigerateur-lg-gn-c382slcu-382-litres-gris","status":"publish","type":"product","link":"https:\/\/anopri.com\/?product=refrigerateur-lg-gn-c382slcu-382-litres-gris","title":{"rendered":"R\u00e9frig\u00e9rateur LG GN-C382SLCU &#8211; 382 Litres &#8211; gris"},"content":{"rendered":"<div class=\"short-description\">\n<ul>\n<li><strong>Type de produit:\u00a0<\/strong>r\u00e9frig\u00e9rateur<\/li>\n<li><strong>Marque:\u00a0<\/strong>LG<\/li>\n<li><strong>Mod\u00e8le:\u00a0<\/strong>GN-C382SLCU<\/li>\n<li><strong>Capacit\u00e9:\u00a0<\/strong>382 litres<\/li>\n<li><strong>Classe climatique :\u00a0<\/strong>T<\/li>\n<li><strong>Classe \u00e9nerg\u00e9tique :<\/strong>\u00a0A++<\/li>\n<li><strong>Nombre de battant:\u00a0<\/strong>2<\/li>\n<li><strong>Dimension:\u00a0<\/strong>170cm x 65 cm<\/li>\n<li><strong>Garantie:\u00a0<\/strong>12 mois<\/li>\n<\/ul>\n<\/div>\n<div class=\"reference-rating\">\n<div class=\"reference\"><\/div>\n<\/div>\n","protected":false},"excerpt":{"rendered":"<p>Le r\u00e9frig\u00e9rateur LG a une capacit\u00e9 de stockage de 382 litres pour stocker au maximum vos aliments. Ainsi, vous n&#8217;avez pas \u00e0 vous soucier des contraintes d&#8217;espace, car vos aliments seront parfaitement conserv\u00e9s. Vous trouverez\u00a0des \u00e9tag\u00e8res r\u00e9glables\u00a0dans la zone de stockage frigorifique pour offrir un meilleur espace de stockage pour votre entreprise. De plus,\u00a0il dispose d&#8217;une bo\u00eete \u00e0 l\u00e9gumes et \u00e0 fruits et d&#8217;un cadre de porte.\u00a0Le plus grand espace de rangement ouvert vous permet d&#8217;acc\u00e9der et d&#8217;organiser la nourriture plus facilement. L&#8217;air froid r\u00e9frig\u00e9r\u00e9 est envoy\u00e9 dans tous les coins du r\u00e9frig\u00e9rateur via plusieurs ventilateurs de refroidissement. Vous n&#8217;aurez donc pas \u00e0 vous soucier des produits stock\u00e9s dans la chambre froide LG.<\/p>\n","protected":false},"featured_media":7154,"comment_status":"closed","ping_status":"closed","template":"","meta":{"_bst_post_transparent":"","_bst_post_title":"","_bst_post_layout":"","_bst_post_sidebar_id":"","_bst_post_content_style":"","_bst_post_vertical_padding":"","_bst_post_feature":"","_bst_post_feature_position":"","_bst_post_header":false,"_bst_post_footer":false},"product_brand":[],"product_cat":[157],"product_tag":[],"product_brands":[],"class_list":{"0":"post-8700","1":"product","2":"type-product","3":"status-publish","4":"has-post-thumbnail","6":"product_cat-refrigerateur","8":"first","9":"instock","10":"purchasable","11":"product-type-simple","12":"entry","13":"content-bg","14":"loop-entry"},"_links":{"self":[{"href":"https:\/\/anopri.com\/index.php?rest_route=\/wp\/v2\/product\/8700","targetHints":{"allow":["GET"]}}],"collection":[{"href":"https:\/\/anopri.com\/index.php?rest_route=\/wp\/v2\/product"}],"about":[{"href":"https:\/\/anopri.com\/index.php?rest_route=\/wp\/v2\/types\/product"}],"replies":[{"embeddable":true,"href":"https:\/\/anopri.com\/index.php?rest_route=%2Fwp%2Fv2%2Fcomments&post=8700"}],"wp:featuredmedia":[{"embeddable":true,"href":"https:\/\/anopri.com\/index.php?rest_route=\/wp\/v2\/media\/7154"}],"wp:attachment":[{"href":"https:\/\/anopri.com\/index.php?rest_route=%2Fwp%2Fv2%2Fmedia&parent=8700"}],"wp:term":[{"taxonomy":"product_brand","embeddable":true,"href":"https:\/\/anopri.com\/index.php?rest_route=%2Fwp%2Fv2%2Fproduct_brand&post=8700"},{"taxonomy":"product_cat","embeddable":true,"href":"https:\/\/anopri.com\/index.php?rest_route=%2Fwp%2Fv2%2Fproduct_cat&post=8700"},{"taxonomy":"product_tag","embeddable":true,"href":"https:\/\/anopri.com\/index.php?rest_route=%2Fwp%2Fv2%2Fproduct_tag&post=8700"},{"taxonomy":"product_brands","embeddable":true,"href":"https:\/\/anopri.com\/index.php?rest_route=%2Fwp%2Fv2%2Fproduct_brands&post=8700"}],"curies":[{"name":"wp","href":"https:\/\/api.w.org\/{rel}","templated":true}]}}