{"id":8414,"date":"2026-04-25T13:03:46","date_gmt":"2026-04-25T13:03:46","guid":{"rendered":"https:\/\/anopri.com\/?post_type=product&#038;p=8414"},"modified":"2026-04-25T13:03:49","modified_gmt":"2026-04-25T13:03:49","slug":"refrigerateur-vitre-vertical-roch-rsf-420-363l","status":"publish","type":"product","link":"https:\/\/anopri.com\/?product=refrigerateur-vitre-vertical-roch-rsf-420-363l","title":{"rendered":"R\u00e9frig\u00e9rateur vitr\u00e9 Vertical &#8211; Roch &#8211; RSF-420 &#8211; 363L"},"content":{"rendered":"<ul>\n<li><strong>Type de produit :\u00a0<\/strong>r\u00e9frig\u00e9rateur Vertical<strong><br \/>\n<\/strong><\/li>\n<li><strong>Capacit\u00e9 :\u00a0<\/strong>363L<strong><br \/>\n<\/strong><\/li>\n<li><strong>Courant :\u00a0<\/strong>1.35A<strong><br \/>\n<\/strong><\/li>\n<li><strong>Conditions climatiques :\u00a0<\/strong>ST<strong><br \/>\n<\/strong><\/li>\n<li><strong>Plage de temp\u00e9rature (C):\u00a0<\/strong>0-10C<strong><br \/>\n<\/strong><\/li>\n<li><strong>Consommation d\u2019\u00e9nergie :\u00a0<\/strong>2,65 Kwh \/ 24h<strong><br \/>\n<\/strong><\/li>\n<li><strong>Entr\u00e9e de puissance :\u00a0<\/strong>310W<strong><br \/>\n<\/strong><\/li>\n<li><strong>Tension \/ Fr\u00e9quence :\u00a0<\/strong>220 -240V \/ 50 Hz<strong><br \/>\n<\/strong><\/li>\n<li><strong>R\u00e9frig\u00e9rant :\u00a0<\/strong>R134a\/50g<strong><br \/>\n<\/strong><\/li>\n<li><strong>Drainage :\u00a0<\/strong>Oui<strong><br \/>\n<\/strong><\/li>\n<li><strong>Pied :\u00a0<\/strong>vis r\u00e9glables<strong><br \/>\n<\/strong><\/li>\n<li><strong>Annonce ext\u00e9rieure Lumi\u00e8re :\u00a0<\/strong>Oui<strong><br \/>\n<\/strong><\/li>\n<li><strong>Nombre de portes :\u00a0<\/strong>1<strong><span data-sheets-value=\"{&quot;1&quot;:2,&quot;2&quot;:&quot;Type de produit : Refrig\u00e9rateur Vertical\\nCapacit\u00e9 : 363L\\nCurrent :1.35A\\nConditions climatiques :ST\\nPlage de temp\u00e9rature (C): 0-10C\\nConsommation d\u2019\u00e9nergie :2,65 Kwh \/ 24h\\nEntr\u00e9e de puissance :310W\\nTension \/ Fr\u00e9quence :220 -240V \/ 50 Hz\\nR\u00e9frig\u00e9rant :R134a\/50g\\nDrainage :Oui\\nPied : Vis r\u00e9glables\\nAnnonce ext\u00e9rieure Lumi\u00e8re :Oui\\nNombre de portes :1\\n&quot;}\" data-sheets-userformat=\"{&quot;2&quot;:4226,&quot;4&quot;:[null,2,16711935],&quot;10&quot;:2,&quot;15&quot;:&quot;Arial&quot;}\"><br \/>\n<\/span><\/strong><\/li>\n<li><strong>Garantie :<\/strong>\u00a06 mois<\/li>\n<\/ul>\n","protected":false},"excerpt":{"rendered":"<p>Parfait pour les grands appartements et les commerces, ce\u00a0<strong>r\u00e9frig\u00e9rateur vitr\u00e9 Vertical<\/strong>\u00a0est fabriqu\u00e9 \u00e0 partir de mat\u00e9riaux de bonne qualit\u00e9 qui le rende\u00a0durable et efficace. Il dispose de compartiments de refroidissement spacieux\u00a0 de rangement Pour conserver les aliments et les boissons de mani\u00e8re organis\u00e9e tout en les conservant au frais.<\/p>\n<p>Equip\u00e9 d&#8217;une\u00a0<strong>annonce ext\u00e9rieure lumi\u00e8re\u00a0<\/strong>pour vous pr\u00e9venir en cas d&#8217;un probl\u00e8me, ce\u00a0<strong>conservateur 1 porte<\/strong>\u00a0\u00e0 \u00e9t\u00e9 con\u00e7u d&#8217;une\u00a0<strong>classe climatique ST<\/strong>\u00a0qui vous certifie un bon fonctionnement de votre appareil quel que soit l&#8217;endroit o\u00f9 vous souhaitez l&#8217;installer dans tous le territoire du pays.<\/p>\n","protected":false},"featured_media":6423,"comment_status":"open","ping_status":"closed","template":"","meta":{"_bst_post_transparent":"","_bst_post_title":"","_bst_post_layout":"","_bst_post_sidebar_id":"","_bst_post_content_style":"","_bst_post_vertical_padding":"","_bst_post_feature":"","_bst_post_feature_position":"","_bst_post_header":false,"_bst_post_footer":false},"product_brand":[],"product_cat":[157],"product_tag":[],"product_brands":[],"class_list":{"0":"post-8414","1":"product","2":"type-product","3":"status-publish","4":"has-post-thumbnail","6":"product_cat-refrigerateur","8":"first","9":"instock","10":"shipping-taxable","11":"purchasable","12":"product-type-simple","13":"entry","14":"content-bg","15":"loop-entry"},"_links":{"self":[{"href":"https:\/\/anopri.com\/index.php?rest_route=\/wp\/v2\/product\/8414","targetHints":{"allow":["GET"]}}],"collection":[{"href":"https:\/\/anopri.com\/index.php?rest_route=\/wp\/v2\/product"}],"about":[{"href":"https:\/\/anopri.com\/index.php?rest_route=\/wp\/v2\/types\/product"}],"replies":[{"embeddable":true,"href":"https:\/\/anopri.com\/index.php?rest_route=%2Fwp%2Fv2%2Fcomments&post=8414"}],"wp:featuredmedia":[{"embeddable":true,"href":"https:\/\/anopri.com\/index.php?rest_route=\/wp\/v2\/media\/6423"}],"wp:attachment":[{"href":"https:\/\/anopri.com\/index.php?rest_route=%2Fwp%2Fv2%2Fmedia&parent=8414"}],"wp:term":[{"taxonomy":"product_brand","embeddable":true,"href":"https:\/\/anopri.com\/index.php?rest_route=%2Fwp%2Fv2%2Fproduct_brand&post=8414"},{"taxonomy":"product_cat","embeddable":true,"href":"https:\/\/anopri.com\/index.php?rest_route=%2Fwp%2Fv2%2Fproduct_cat&post=8414"},{"taxonomy":"product_tag","embeddable":true,"href":"https:\/\/anopri.com\/index.php?rest_route=%2Fwp%2Fv2%2Fproduct_tag&post=8414"},{"taxonomy":"product_brands","embeddable":true,"href":"https:\/\/anopri.com\/index.php?rest_route=%2Fwp%2Fv2%2Fproduct_brands&post=8414"}],"curies":[{"name":"wp","href":"https:\/\/api.w.org\/{rel}","templated":true}]}}