{"id":10000,"date":"2026-04-25T17:21:54","date_gmt":"2026-04-25T17:21:54","guid":{"rendered":"https:\/\/anopri.com\/?product=ventlateur-roch-rsf-918-rechargeable"},"modified":"2026-04-25T17:21:54","modified_gmt":"2026-04-25T17:21:54","slug":"ventlateur-roch-rsf-918-rechargeable","status":"publish","type":"product","link":"https:\/\/anopri.com\/?product=ventlateur-roch-rsf-918-rechargeable","title":{"rendered":"VENTLATEUR ROCH RSF-918 RECHARGEABLE"},"content":{"rendered":"<ul>\n<li>Produit :Ventilateur rechargeable<\/li>\n<li>Mod\u00e8le: RSF-918R<\/li>\n<li>T\u00e9l\u00e9command\u00e9 : Oui<\/li>\n<li>Op\u00e9ration de contr\u00f4le\u00a0: \u00e0 distance Oscillation<\/li>\n<li>Hauteur\u00a0; Reglable<\/li>\n<li>Fonction\u00a0: AC \/ DCVeilleuse LED int\u00e9gr\u00e9eComprend<\/li>\n<li>une batterie 2 pi\u00e8ces 6V 4.5Ah Batterie<\/li>\n<li>Dur\u00e9e:4,5 heures \/ haute vitesse,5,5 heures \/ faible vitesse,120 heures \/ mode veille\u00a0 Protection contre les surcharges et les d\u00e9charges<\/li>\n<li>Voltage : 220V-240V<\/li>\n<li>Fr\u00e9quence : 50\/60Hz<\/li>\n<li>Port USB: Oui<\/li>\n<li>Dimensions :(65.8X28X69.5cm)<\/li>\n<\/ul>\n","protected":false},"excerpt":{"rendered":"<p>Rendez vos pi\u00e8ces moins chauds\u200e avec ce ventilateur rechargeable.\u200e Id\u00e9al pour apporter de la fra\u00eecheur dans votre maison en cas de chaleur\u200e.\u200e Avec son puissant moteur, son design compact et solide,\u200e il est fait pour durer\u200e.\u200e<\/p>\n","protected":false},"featured_media":7459,"comment_status":"closed","ping_status":"closed","template":"","meta":{"_bst_post_transparent":"","_bst_post_title":"","_bst_post_layout":"","_bst_post_sidebar_id":"","_bst_post_content_style":"","_bst_post_vertical_padding":"","_bst_post_feature":"","_bst_post_feature_position":"","_bst_post_header":false,"_bst_post_footer":false},"product_brand":[],"product_cat":[160,158],"product_tag":[],"product_brands":[],"class_list":{"0":"post-10000","1":"product","2":"type-product","3":"status-publish","4":"has-post-thumbnail","6":"product_cat-climatiseurs-ventilateurs","7":"product_cat-ventilateur","9":"first","10":"instock","11":"purchasable","12":"product-type-simple","13":"entry","14":"content-bg","15":"loop-entry"},"_links":{"self":[{"href":"https:\/\/anopri.com\/index.php?rest_route=\/wp\/v2\/product\/10000","targetHints":{"allow":["GET"]}}],"collection":[{"href":"https:\/\/anopri.com\/index.php?rest_route=\/wp\/v2\/product"}],"about":[{"href":"https:\/\/anopri.com\/index.php?rest_route=\/wp\/v2\/types\/product"}],"replies":[{"embeddable":true,"href":"https:\/\/anopri.com\/index.php?rest_route=%2Fwp%2Fv2%2Fcomments&post=10000"}],"wp:featuredmedia":[{"embeddable":true,"href":"https:\/\/anopri.com\/index.php?rest_route=\/wp\/v2\/media\/7459"}],"wp:attachment":[{"href":"https:\/\/anopri.com\/index.php?rest_route=%2Fwp%2Fv2%2Fmedia&parent=10000"}],"wp:term":[{"taxonomy":"product_brand","embeddable":true,"href":"https:\/\/anopri.com\/index.php?rest_route=%2Fwp%2Fv2%2Fproduct_brand&post=10000"},{"taxonomy":"product_cat","embeddable":true,"href":"https:\/\/anopri.com\/index.php?rest_route=%2Fwp%2Fv2%2Fproduct_cat&post=10000"},{"taxonomy":"product_tag","embeddable":true,"href":"https:\/\/anopri.com\/index.php?rest_route=%2Fwp%2Fv2%2Fproduct_tag&post=10000"},{"taxonomy":"product_brands","embeddable":true,"href":"https:\/\/anopri.com\/index.php?rest_route=%2Fwp%2Fv2%2Fproduct_brands&post=10000"}],"curies":[{"name":"wp","href":"https:\/\/api.w.org\/{rel}","templated":true}]}}